{"id":2,"date":"2016-10-20T14:27:20","date_gmt":"2016-10-20T14:27:20","guid":{"rendered":"http:\/\/www.labfelipesanz.es\/lab\/?page_id=2"},"modified":"2024-07-11T08:16:11","modified_gmt":"2024-07-11T08:16:11","slug":"pagina-ejemplo","status":"publish","type":"page","link":"http:\/\/www.labfelipesanz.es\/lab\/index.php\/pagina-ejemplo\/","title":{"rendered":"PROTECCI\u00d3N DE DATOS"},"content":{"rendered":"<p>POL\u00cdTICA DE PROTECCI\u00d3N DE DATOS<\/p>\n<p><strong>1.- Introducci\u00f3n<\/strong><br \/>\nEsta es la pol\u00edtica de privacidad de Laboratorio Dental Felipe Sanz, S. L.. Este documento<br \/>\nexplica las pol\u00edticas de esta para la recopilaci\u00f3n, el uso y la divulgaci\u00f3n de informaci\u00f3n personal<br \/>\ny se aplica a este sitio web, a menos que se indique expresamente lo contrario.<\/p>\n<p><strong>2.- Identificaci\u00f3n del responsable del tratamiento.<\/strong><br \/>\nLaboratorio Dental Felipe Sanz, S. L., est\u00e1 inscrita en el Registro Mercantil de Madrid; Tomo<br \/>\n338441. Folio 70. Secci\u00f3n 8\u00aa. Hoja M-609090. Inscripci\u00f3n 1\u00aa, fecha 1 de octubre de 2015 y con<br \/>\nN. I. F. B87319802. Con domicilio en Calle Berenisa 17. 28023 Madrid, Correo de contacto<br \/>\nlaboratorio@labfelipesanz.es<\/p>\n<p><strong>3.- Informaci\u00f3n que recopilamos, c\u00f3mo la utilizamos y con que base legal.<\/strong><br \/>\nTodos los datos personales recogidos ser\u00e1n tratados para las finalidades para las que fueron<br \/>\nrecogidos.<br \/>\nLa informaci\u00f3n facilitada por el usuario, de forma expresa e inequ\u00edvocamente voluntaria, ser\u00e1<br \/>\ntratada con la finalidad de la ejecuci\u00f3n de un contrato, art\u00edculo 6.1.b) RGPD, la interrelaci\u00f3n<br \/>\ncon el responsable, art\u00edculo 6.1.a) RGPD, en virtud de plazos de prescripci\u00f3n de<br \/>\nresponsabilidades legales basados en el inter\u00e9s leg\u00edtimo de las partes, art\u00edculo 6.1.f) RGPD.<br \/>\nA trav\u00e9s de las cookies podemos mantener una relaci\u00f3n m\u00e1s personal con Vd. Consulte<br \/>\nnuestra pol\u00edtica de cookies para obtener informaci\u00f3n sobre las cookies que incorpora esta<br \/>\nweb.<\/p>\n<p><strong>4.- Comunicaci\u00f3n de datos<\/strong><br \/>\nEl responsable del tratamiento s\u00f3lo comunicar\u00e1 sus datos personales a empresas<br \/>\nsubcontratistas y asesores profesionales, que estar\u00e1n sujetos a las obligaciones que les impone<br \/>\nnuestro ordenamiento jur\u00eddico.<br \/>\nTambi\u00e9n podemos revelar su informaci\u00f3n personal si la ley nos obliga a hacerlo o si usted<br \/>\ninfringe nuestras condiciones de servicio.<br \/>\nAntes de llevar a cabo otras comunicaciones se le solicitar\u00e1 el consentimiento necesario.<\/p>\n<p><strong>5.- Transferencia internacional de datos<\/strong><br \/>\nEn cualquier caso, el responsable del tratamiento no transferir\u00e1 informaci\u00f3n personal a pa\u00edses<br \/>\nfuera de la Uni\u00f3n Europea para los que la Comisi\u00f3n Europea no haya emitido una decisi\u00f3n de<br \/>\nadecuaci\u00f3n, si no se proporcionan las salvaguardas apropiadas o adecuadas. En su caso, puede<br \/>\nponerse en contacto con este (v\u00e9ase la informaci\u00f3n de contacto facilitada al inicio de este<br \/>\ndocumento) para obtener una copia de las salvaguardias apropiadas o adecuadas previstas en<br \/>\nrelaci\u00f3n con las transferencias a pa\u00edses fuera de la Uni\u00f3n Europea.<\/p>\n<p><strong>6.- Periodo de conservaci\u00f3n<\/strong><br \/>\nLos datos de registro y contacto se mantendr\u00e1n mientras dure la relaci\u00f3n y no se solicite su<br \/>\nsupresi\u00f3n.<br \/>\nPara ver la duraci\u00f3n de las cookies consulte la Pol\u00edtica de cookies.<br \/>\nNo obstante, los datos podr\u00e1n ser conservados en virtud de plazos de prescripci\u00f3n de posibles<br \/>\nacciones legales entre el usuario y el responsable, para la defensa de los intereses leg\u00edtimos de<br \/>\nlas partes.<\/p>\n<p><strong>7.- Ejercicios de derechos<\/strong><br \/>\nUsted puede ejercitar los siguientes derechos:<\/p>\n<p><em>Derecho a retirar su consentimiento en el momento en que estime oportuno.<\/em><br \/>\nUsted puede retirar su consentimiento para el tratamiento de sus datos personales en<br \/>\ncualquier momento sin que ello afecte al tratamiento que se haya realizado con<br \/>\nanterioridad.<br \/>\n<em>Derecho de acceso.<\/em><br \/>\nPara conocer si el responsable del tratamiento est\u00e1 tratando o no sus datos de car\u00e1cter<br \/>\npersonal.<br \/>\n<em>Derecho de rectificaci\u00f3n.<\/em><br \/>\nPara obtener la rectificaci\u00f3n de sus datos personales cuando sean inexactos.<br \/>\n<em>Derecho de supresi\u00f3n, cancelaci\u00f3n o derecho al olvido.<\/em><\/p>\n<p>Para solicitar la supresi\u00f3n de sus datos de car\u00e1cter personal.<br \/>\nDerecho de oposici\u00f3n.<br \/>\nPara oponerse a que el responsable realice un tratamiento de sus datos personales.<br \/>\nUsted tiene derecho a oponerse a lo anterior y, de acuerdo con su solicitud, el<br \/>\nresponsable dejar\u00e1 de procesar esta informaci\u00f3n, excepto cuando I) se traten para<br \/>\nejecutar un contrato en vigor II) se traten para cumplir con una obligaci\u00f3n legal III) se<br \/>\npueda demostrar motivos leg\u00edtimos convincentes para el procesamiento que<br \/>\nprevalezcan sobre sus intereses, derechos y libertades; o IV) sea necesario para el<br \/>\nestablecimiento, ejercicio o defensa de reclamaciones legales.<br \/>\nDerecho de limitaci\u00f3n de su tratamiento.<br \/>\nPara limitar el tratamiento de sus datos personales por parte del responsable del<br \/>\ntratamiento.<br \/>\nDerecho de portabilidad.<br \/>\nPara recibir sus datos personales en un formato estructurado y transmitirlos a otro<br \/>\nresponsable del tratamiento.<br \/>\nDerecho a que no ser objeto de una decisi\u00f3n basada en un tratamiento automatizado.<br \/>\nPara que no se puedan realizar perfiles con sus datos o tomar decisiones basadas<br \/>\n\u00fanicamente en tratamientos automatizados.<br \/>\nC\u00f3mo puede retirar su consentimiento<br \/>\nSi ha dado su consentimiento para el tratamiento de sus datos personales, puede retirarlo en<br \/>\ncualquier momento poni\u00e9ndose en contacto con nosotros mediante las opciones que se<br \/>\nmencionan al final de este documento. En tal caso, el responsable del tratamiento podr\u00e1<br \/>\nexigirle que acredite su identidad antes de registrar dicha retirada. La retirada de su<br \/>\nconsentimiento tendr\u00e1 efecto a partir de ese momento y no podr\u00e1 afectar a la legalidad del<br \/>\ntratamiento basado en su consentimiento antes de dicha retirada.<br \/>\nDe conformidad con lo dispuesto en el art\u00edculo 21.2 LSSICE, si no desea recibir esta<br \/>\ninformaci\u00f3n puede darse de baja en cualquiera de las direcciones de correo facilitadas,<br \/>\nindicando: baja comunicaciones.<\/p>\n<p><strong>8.- Medidas de seguridad<\/strong><\/p>\n<p>El responsable ha adoptado las medidas de \u00edndole t\u00e9cnica y organizativa necesarias para<br \/>\ngarantizar la seguridad de los datos de car\u00e1cter personal y para evitar su alteraci\u00f3n, p\u00e9rdida,<br \/>\ntratamiento o acceso no autorizado, habida cuenta del estado de la tecnolog\u00eda, la naturaleza<br \/>\nde los datos y los riesgos a los que est\u00e1n expuestos.<br \/>\nLa P\u00e1gina dispone del Certificado SSL (Secure Socket Layer), con la finalidad de garantizar la<br \/>\nseguridad en la transmisi\u00f3n de datos entre su navegador y nuestra P\u00e1gina.<\/p>\n<p><strong>9.- Cambios en la Pol\u00edtica de Protecci\u00f3n de Datos<\/strong><br \/>\nEl responsable del tratamiento puede modificar esta Pol\u00edtica de privacidad sin notificaci\u00f3n<br \/>\nprevia, por lo que le rogamos que la revise con frecuencia. Si dichas modificaciones afectan al<br \/>\nmodo en que estos utilizan o divulgan la informaci\u00f3n personal que ya tiene en su poder de<br \/>\nforma sustancial, se le pedir\u00e1 que acepte la nueva versi\u00f3n de esta Pol\u00edtica de privacidad una<br \/>\nvez modificada. Los cambios y aclaraciones entrar\u00e1n en vigor inmediatamente despu\u00e9s de su<br \/>\nprimer uso de nuestro sitio web tras su publicaci\u00f3n en el mismo.<\/p>\n<p><strong>10.- Contacte con nosotros<\/strong><br \/>\nSi desea: acceder, corregir, modificar o eliminar cualquier informaci\u00f3n personal que tengamos<br \/>\nsobre usted, registrar una queja, o simplemente desear m\u00e1s informaci\u00f3n comunique con el<br \/>\nresponsable del tratamiento en las direcciones citadas al inicio de este documento.<br \/>\nEn el caso de que lo considere oportuno, puede presentar reclamaci\u00f3n ante la Agencia<br \/>\nEspa\u00f1ola de Protecci\u00f3n de Datos, como Autoridad de Control. <a href=\"http:\/\/www.aepd.es\">www.aepd.es<\/a><\/p>\n<p>\u00daltima actualizaci\u00f3n: 11 de JULIO de 2022<\/p>\n","protected":false},"excerpt":{"rendered":"<p>POL\u00cdTICA DE PROTECCI\u00d3N DE DATOS 1.- Introducci\u00f3n Esta es la pol\u00edtica de privacidad de Laboratorio Dental Felipe Sanz, S. L.. Este documento explica las pol\u00edticas de esta para la recopilaci\u00f3n, el uso y la divulgaci\u00f3n de informaci\u00f3n personal y se aplica a este sitio web, a menos que se indique expresamente lo contrario. 2.- Identificaci\u00f3n [&hellip;]<\/p>\n","protected":false},"author":1,"featured_media":0,"parent":0,"menu_order":0,"comment_status":"closed","ping_status":"open","template":"","meta":{"sfsi_plus_gutenberg_text_before_share":"","sfsi_plus_gutenberg_show_text_before_share":"","sfsi_plus_gutenberg_icon_type":"","sfsi_plus_gutenberg_icon_alignemt":"","sfsi_plus_gutenburg_max_per_row":"","footnotes":""},"yoast_head":"<!-- This site is optimized with the Yoast SEO plugin v15.9.1 - https:\/\/yoast.com\/wordpress\/plugins\/seo\/ -->\n<title>PROTECCI\u00d3N DE DATOS - Laboratorio Dental Felipe Sanz<\/title>\n<link rel=\"canonical\" href=\"http:\/\/www.labfelipesanz.es\/lab\/index.php\/pagina-ejemplo\/\" \/>\n<meta property=\"og:locale\" content=\"es_ES\" \/>\n<meta property=\"og:type\" content=\"article\" \/>\n<meta property=\"og:title\" content=\"PROTECCI\u00d3N DE DATOS - Laboratorio Dental Felipe Sanz\" \/>\n<meta property=\"og:description\" content=\"POL\u00cdTICA DE PROTECCI\u00d3N DE DATOS 1.- Introducci\u00f3n Esta es la pol\u00edtica de privacidad de Laboratorio Dental Felipe Sanz, S. L.. Este documento explica las pol\u00edticas de esta para la recopilaci\u00f3n, el uso y la divulgaci\u00f3n de informaci\u00f3n personal y se aplica a este sitio web, a menos que se indique expresamente lo contrario. 2.- Identificaci\u00f3n [&hellip;]\" \/>\n<meta property=\"og:url\" content=\"http:\/\/www.labfelipesanz.es\/lab\/index.php\/pagina-ejemplo\/\" \/>\n<meta property=\"og:site_name\" content=\"Laboratorio Dental Felipe Sanz\" \/>\n<meta property=\"article:publisher\" content=\"https:\/\/www.facebook.com\/Laboratorio-Dental-Felipe-Sanz-SL-426593971062487\/\" \/>\n<meta property=\"article:modified_time\" content=\"2024-07-11T08:16:11+00:00\" \/>\n<meta name=\"twitter:card\" content=\"summary_large_image\" \/>\n<meta name=\"twitter:label1\" content=\"Tiempo de lectura\">\n\t<meta name=\"twitter:data1\" content=\"5 minutos\">\n<script type=\"application\/ld+json\" class=\"yoast-schema-graph\">{\"@context\":\"https:\/\/schema.org\",\"@graph\":[{\"@type\":\"Organization\",\"@id\":\"http:\/\/www.labfelipesanz.es\/lab\/#organization\",\"name\":\"Laboratorio Dental Felipe Sanz\",\"url\":\"http:\/\/www.labfelipesanz.es\/lab\/\",\"sameAs\":[\"https:\/\/www.facebook.com\/Laboratorio-Dental-Felipe-Sanz-SL-426593971062487\/\",\"http:\/\/www.labfelipesanz.es\/lab\/wp-content\/plugins\/ultimate-social-media-plus\/images\/icons_theme\/cute\/cute_instagram.png\",\"http:\/\/www.labfelipesanz.es\/lab\/wp-content\/plugins\/ultimate-social-media-plus\/images\/icons_theme\/cute\/cute_linkedin.png\",\"https:\/\/www.youtube.com\/channel\/UCB1uAvlmr9z6rxdPNw5Iu9w\"],\"logo\":{\"@type\":\"ImageObject\",\"@id\":\"http:\/\/www.labfelipesanz.es\/lab\/#logo\",\"inLanguage\":\"es\",\"url\":\"http:\/\/www.labfelipesanz.es\/lab\/wp-content\/uploads\/2016\/10\/LOGO_header.jpg\",\"width\":200,\"height\":172,\"caption\":\"Laboratorio Dental Felipe Sanz\"},\"image\":{\"@id\":\"http:\/\/www.labfelipesanz.es\/lab\/#logo\"}},{\"@type\":\"WebSite\",\"@id\":\"http:\/\/www.labfelipesanz.es\/lab\/#website\",\"url\":\"http:\/\/www.labfelipesanz.es\/lab\/\",\"name\":\"Laboratorio Dental Felipe Sanz\",\"description\":\"Portal web del laboratorio dental Felipe Sanz\",\"publisher\":{\"@id\":\"http:\/\/www.labfelipesanz.es\/lab\/#organization\"},\"potentialAction\":[{\"@type\":\"SearchAction\",\"target\":\"http:\/\/www.labfelipesanz.es\/lab\/?s={search_term_string}\",\"query-input\":\"required name=search_term_string\"}],\"inLanguage\":\"es\"},{\"@type\":\"WebPage\",\"@id\":\"http:\/\/www.labfelipesanz.es\/lab\/index.php\/pagina-ejemplo\/#webpage\",\"url\":\"http:\/\/www.labfelipesanz.es\/lab\/index.php\/pagina-ejemplo\/\",\"name\":\"PROTECCI\\u00d3N DE DATOS - Laboratorio Dental Felipe Sanz\",\"isPartOf\":{\"@id\":\"http:\/\/www.labfelipesanz.es\/lab\/#website\"},\"datePublished\":\"2016-10-20T14:27:20+00:00\",\"dateModified\":\"2024-07-11T08:16:11+00:00\",\"breadcrumb\":{\"@id\":\"http:\/\/www.labfelipesanz.es\/lab\/index.php\/pagina-ejemplo\/#breadcrumb\"},\"inLanguage\":\"es\",\"potentialAction\":[{\"@type\":\"ReadAction\",\"target\":[\"http:\/\/www.labfelipesanz.es\/lab\/index.php\/pagina-ejemplo\/\"]}]},{\"@type\":\"BreadcrumbList\",\"@id\":\"http:\/\/www.labfelipesanz.es\/lab\/index.php\/pagina-ejemplo\/#breadcrumb\",\"itemListElement\":[{\"@type\":\"ListItem\",\"position\":1,\"item\":{\"@type\":\"WebPage\",\"@id\":\"http:\/\/www.labfelipesanz.es\/lab\/\",\"url\":\"http:\/\/www.labfelipesanz.es\/lab\/\",\"name\":\"Portada\"}},{\"@type\":\"ListItem\",\"position\":2,\"item\":{\"@type\":\"WebPage\",\"@id\":\"http:\/\/www.labfelipesanz.es\/lab\/index.php\/pagina-ejemplo\/\",\"url\":\"http:\/\/www.labfelipesanz.es\/lab\/index.php\/pagina-ejemplo\/\",\"name\":\"PROTECCI\\u00d3N DE DATOS\"}}]}]}<\/script>\n<!-- \/ Yoast SEO plugin. -->","_links":{"self":[{"href":"http:\/\/www.labfelipesanz.es\/lab\/index.php\/wp-json\/wp\/v2\/pages\/2"}],"collection":[{"href":"http:\/\/www.labfelipesanz.es\/lab\/index.php\/wp-json\/wp\/v2\/pages"}],"about":[{"href":"http:\/\/www.labfelipesanz.es\/lab\/index.php\/wp-json\/wp\/v2\/types\/page"}],"author":[{"embeddable":true,"href":"http:\/\/www.labfelipesanz.es\/lab\/index.php\/wp-json\/wp\/v2\/users\/1"}],"replies":[{"embeddable":true,"href":"http:\/\/www.labfelipesanz.es\/lab\/index.php\/wp-json\/wp\/v2\/comments?post=2"}],"version-history":[{"count":3,"href":"http:\/\/www.labfelipesanz.es\/lab\/index.php\/wp-json\/wp\/v2\/pages\/2\/revisions"}],"predecessor-version":[{"id":579,"href":"http:\/\/www.labfelipesanz.es\/lab\/index.php\/wp-json\/wp\/v2\/pages\/2\/revisions\/579"}],"wp:attachment":[{"href":"http:\/\/www.labfelipesanz.es\/lab\/index.php\/wp-json\/wp\/v2\/media?parent=2"}],"curies":[{"name":"wp","href":"https:\/\/api.w.org\/{rel}","templated":true}]}}