{"id":70,"date":"2016-10-31T08:33:31","date_gmt":"2016-10-31T08:33:31","guid":{"rendered":"http:\/\/www.labfelipesanz.es\/lab\/?page_id=70"},"modified":"2018-01-30T10:52:34","modified_gmt":"2018-01-30T10:52:34","slug":"protesis-mixta","status":"publish","type":"page","link":"http:\/\/www.labfelipesanz.es\/lab\/index.php\/protesis-mixta\/","title":{"rendered":"Protesis mixta"},"content":{"rendered":"<p style=\"text-align: justify;\">La pr\u00f3tesis denominada mixta est\u00e1 formada por una <strong>pr\u00f3tesis fija<\/strong> (que consta de dientes fabricados a medida) y por una <strong>pr\u00f3tesis<\/strong> <strong>removible <\/strong>met\u00e1lica (que consta de un aparato bucal con dientes artificiales), esta ultima unida a la anterior por medio de un sistema de <strong>anclaje<\/strong> o sistema inapreciable llamado \u201c<strong>ataches<\/strong>\u201d. Esta \u00faltima parte se podr\u00e1 quitar y poner para una correcta limpieza.<\/p>\n<p>&nbsp;<\/p>\n","protected":false},"excerpt":{"rendered":"<p>La pr\u00f3tesis denominada mixta est\u00e1 formada por una pr\u00f3tesis fija (que consta de dientes fabricados a medida) y por una pr\u00f3tesis removible met\u00e1lica (que consta de un aparato bucal con dientes artificiales), esta ultima unida a la anterior por medio de un sistema de anclaje o sistema inapreciable llamado \u201cataches\u201d. Esta \u00faltima parte se podr\u00e1 [&hellip;]<\/p>\n","protected":false},"author":1,"featured_media":0,"parent":0,"menu_order":0,"comment_status":"closed","ping_status":"closed","template":"","meta":{"sfsi_plus_gutenberg_text_before_share":"","sfsi_plus_gutenberg_show_text_before_share":"","sfsi_plus_gutenberg_icon_type":"","sfsi_plus_gutenberg_icon_alignemt":"","sfsi_plus_gutenburg_max_per_row":"","footnotes":""},"yoast_head":"<!-- This site is optimized with the Yoast SEO plugin v15.9.1 - https:\/\/yoast.com\/wordpress\/plugins\/seo\/ -->\n<title>Protesis mixta - Laboratorio Dental Felipe Sanz<\/title>\n<link rel=\"canonical\" href=\"http:\/\/www.labfelipesanz.es\/lab\/index.php\/protesis-mixta\/\" \/>\n<meta property=\"og:locale\" content=\"es_ES\" \/>\n<meta property=\"og:type\" content=\"article\" \/>\n<meta property=\"og:title\" content=\"Protesis mixta - Laboratorio Dental Felipe Sanz\" \/>\n<meta property=\"og:description\" content=\"La pr\u00f3tesis denominada mixta est\u00e1 formada por una pr\u00f3tesis fija (que consta de dientes fabricados a medida) y por una pr\u00f3tesis removible met\u00e1lica (que consta de un aparato bucal con dientes artificiales), esta ultima unida a la anterior por medio de un sistema de anclaje o sistema inapreciable llamado \u201cataches\u201d. Esta \u00faltima parte se podr\u00e1 [&hellip;]\" \/>\n<meta property=\"og:url\" content=\"http:\/\/www.labfelipesanz.es\/lab\/index.php\/protesis-mixta\/\" \/>\n<meta property=\"og:site_name\" content=\"Laboratorio Dental Felipe Sanz\" \/>\n<meta property=\"article:publisher\" content=\"https:\/\/www.facebook.com\/Laboratorio-Dental-Felipe-Sanz-SL-426593971062487\/\" \/>\n<meta property=\"article:modified_time\" content=\"2018-01-30T10:52:34+00:00\" \/>\n<meta name=\"twitter:card\" content=\"summary_large_image\" \/>\n<script type=\"application\/ld+json\" class=\"yoast-schema-graph\">{\"@context\":\"https:\/\/schema.org\",\"@graph\":[{\"@type\":\"Organization\",\"@id\":\"http:\/\/www.labfelipesanz.es\/lab\/#organization\",\"name\":\"Laboratorio Dental Felipe Sanz\",\"url\":\"http:\/\/www.labfelipesanz.es\/lab\/\",\"sameAs\":[\"https:\/\/www.facebook.com\/Laboratorio-Dental-Felipe-Sanz-SL-426593971062487\/\",\"http:\/\/www.labfelipesanz.es\/lab\/wp-content\/plugins\/ultimate-social-media-plus\/images\/icons_theme\/cute\/cute_instagram.png\",\"http:\/\/www.labfelipesanz.es\/lab\/wp-content\/plugins\/ultimate-social-media-plus\/images\/icons_theme\/cute\/cute_linkedin.png\",\"https:\/\/www.youtube.com\/channel\/UCB1uAvlmr9z6rxdPNw5Iu9w\"],\"logo\":{\"@type\":\"ImageObject\",\"@id\":\"http:\/\/www.labfelipesanz.es\/lab\/#logo\",\"inLanguage\":\"es\",\"url\":\"http:\/\/www.labfelipesanz.es\/lab\/wp-content\/uploads\/2016\/10\/LOGO_header.jpg\",\"width\":200,\"height\":172,\"caption\":\"Laboratorio Dental Felipe Sanz\"},\"image\":{\"@id\":\"http:\/\/www.labfelipesanz.es\/lab\/#logo\"}},{\"@type\":\"WebSite\",\"@id\":\"http:\/\/www.labfelipesanz.es\/lab\/#website\",\"url\":\"http:\/\/www.labfelipesanz.es\/lab\/\",\"name\":\"Laboratorio Dental Felipe Sanz\",\"description\":\"Portal web del laboratorio dental Felipe Sanz\",\"publisher\":{\"@id\":\"http:\/\/www.labfelipesanz.es\/lab\/#organization\"},\"potentialAction\":[{\"@type\":\"SearchAction\",\"target\":\"http:\/\/www.labfelipesanz.es\/lab\/?s={search_term_string}\",\"query-input\":\"required name=search_term_string\"}],\"inLanguage\":\"es\"},{\"@type\":\"WebPage\",\"@id\":\"http:\/\/www.labfelipesanz.es\/lab\/index.php\/protesis-mixta\/#webpage\",\"url\":\"http:\/\/www.labfelipesanz.es\/lab\/index.php\/protesis-mixta\/\",\"name\":\"Protesis mixta - Laboratorio Dental Felipe Sanz\",\"isPartOf\":{\"@id\":\"http:\/\/www.labfelipesanz.es\/lab\/#website\"},\"datePublished\":\"2016-10-31T08:33:31+00:00\",\"dateModified\":\"2018-01-30T10:52:34+00:00\",\"breadcrumb\":{\"@id\":\"http:\/\/www.labfelipesanz.es\/lab\/index.php\/protesis-mixta\/#breadcrumb\"},\"inLanguage\":\"es\",\"potentialAction\":[{\"@type\":\"ReadAction\",\"target\":[\"http:\/\/www.labfelipesanz.es\/lab\/index.php\/protesis-mixta\/\"]}]},{\"@type\":\"BreadcrumbList\",\"@id\":\"http:\/\/www.labfelipesanz.es\/lab\/index.php\/protesis-mixta\/#breadcrumb\",\"itemListElement\":[{\"@type\":\"ListItem\",\"position\":1,\"item\":{\"@type\":\"WebPage\",\"@id\":\"http:\/\/www.labfelipesanz.es\/lab\/\",\"url\":\"http:\/\/www.labfelipesanz.es\/lab\/\",\"name\":\"Portada\"}},{\"@type\":\"ListItem\",\"position\":2,\"item\":{\"@type\":\"WebPage\",\"@id\":\"http:\/\/www.labfelipesanz.es\/lab\/index.php\/protesis-mixta\/\",\"url\":\"http:\/\/www.labfelipesanz.es\/lab\/index.php\/protesis-mixta\/\",\"name\":\"Protesis mixta\"}}]}]}<\/script>\n<!-- \/ Yoast SEO plugin. -->","_links":{"self":[{"href":"http:\/\/www.labfelipesanz.es\/lab\/index.php\/wp-json\/wp\/v2\/pages\/70"}],"collection":[{"href":"http:\/\/www.labfelipesanz.es\/lab\/index.php\/wp-json\/wp\/v2\/pages"}],"about":[{"href":"http:\/\/www.labfelipesanz.es\/lab\/index.php\/wp-json\/wp\/v2\/types\/page"}],"author":[{"embeddable":true,"href":"http:\/\/www.labfelipesanz.es\/lab\/index.php\/wp-json\/wp\/v2\/users\/1"}],"replies":[{"embeddable":true,"href":"http:\/\/www.labfelipesanz.es\/lab\/index.php\/wp-json\/wp\/v2\/comments?post=70"}],"version-history":[{"count":7,"href":"http:\/\/www.labfelipesanz.es\/lab\/index.php\/wp-json\/wp\/v2\/pages\/70\/revisions"}],"predecessor-version":[{"id":482,"href":"http:\/\/www.labfelipesanz.es\/lab\/index.php\/wp-json\/wp\/v2\/pages\/70\/revisions\/482"}],"wp:attachment":[{"href":"http:\/\/www.labfelipesanz.es\/lab\/index.php\/wp-json\/wp\/v2\/media?parent=70"}],"curies":[{"name":"wp","href":"https:\/\/api.w.org\/{rel}","templated":true}]}}